{"id":22,"date":"2017-06-14T09:32:46","date_gmt":"2017-06-14T09:32:46","guid":{"rendered":"https:\/\/www.gallerigallo.dk\/?page_id=22"},"modified":"2026-09-04T08:26:56","modified_gmt":"2026-09-04T08:26:56","slug":"gg-forside","status":"publish","type":"page","link":"https:\/\/www.gallerigallo.dk\/","title":{"rendered":"GG-Forside"},"content":{"rendered":"<div id=\"pl-22\"  class=\"panel-layout\" ><div id=\"pg-22-0\"  class=\"panel-grid panel-no-style\" ><div id=\"pgc-22-0-0\"  class=\"panel-grid-cell\" ><div id=\"panel-22-0-0-0\" class=\"so-panel widget widget_black-studio-tinymce widget_black_studio_tinymce panel-first-child panel-last-child\" data-index=\"0\" ><div class=\"textwidget\"><p><span class=\"\" style=\"display:block;clear:both;height: 0px;padding-top: 5px;border-top-width:0px;border-bottom-width:0px;\"><\/span><img loading=\"lazy\" decoding=\"async\" class=\"alignnone wp-image-2108 size-full\" src=\"https:\/\/www.gallerigallo.dk\/wp-content\/uploads\/2023\/11\/gallerigallo-stor.jpg\" alt=\"\" width=\"500\" height=\"667\" srcset=\"https:\/\/www.gallerigallo.dk\/wp-content\/uploads\/2023\/11\/gallerigallo-stor.jpg 500w, https:\/\/www.gallerigallo.dk\/wp-content\/uploads\/2023\/11\/gallerigallo-stor-225x300.jpg 225w\" sizes=\"auto, (max-width: 500px) 100vw, 500px\" \/><\/p>\n<p>&nbsp;<\/p>\n<\/div><\/div><\/div><div id=\"pgc-22-0-1\"  class=\"panel-grid-cell\" ><div id=\"panel-22-0-1-0\" class=\"so-panel widget widget_black-studio-tinymce widget_black_studio_tinymce panel-first-child panel-last-child\" data-index=\"1\" ><div class=\"textwidget\"><p><span class=\"\" style=\"display:block;clear:both;height: 0px;padding-top: 0px;border-top-width:0px;border-bottom-width:0px;\"><\/span>Galleri Gallo er et gr\u00e6srodsgalleri som giver kunstnere der er psykiatribrugere eller har det psykisk sv\u00e6rt, mulighed for at udstille deres kunst. Ogs\u00e5 psykisk raske kan udstille.<\/p>\n<p>Vi fors\u00f8ger, at v\u00e6re et anderledes galleri, hvor man som psykisk s\u00e5rbar m\u00f8des som kunstner og ikke som patient. Og hvor man som g\u00e6st i galleriet overraskes af dybde og indhold. Og m\u00e5ske konfronteres med egne holdninger og eventuelle fordomme.<\/p>\n<p>Du kan st\u00f8tte Galleri Gallo via et medlemskab af St\u00f8ttekredsen.<\/p>\n<p><a href=\"https:\/\/www.gallerigallo.dk\/index.php\/2026\/07\/28\/udstilling-26-juli-til-8-september-2026\/\">Aktuel udstilling:<\/a><br \/>\n<strong>J\u00f8rgen B. Rud <\/strong>- Malerier<\/p>\n<p>&nbsp;<\/p>\n<\/div><\/div><\/div><div id=\"pgc-22-0-2\"  class=\"panel-grid-cell\" ><div id=\"panel-22-0-2-0\" class=\"so-panel widget widget_black-studio-tinymce widget_black_studio_tinymce panel-first-child panel-last-child\" data-index=\"2\" ><div class=\"textwidget\"><div class=\"custom\">\n<p><strong><span class=\"\" style=\"display:block;clear:both;height: 0px;padding-top: 0px;border-top-width:0px;border-bottom-width:0px;\"><\/span>Galleri Gallo<\/strong><\/p>\n<p><strong>Adresse:&nbsp;<\/strong><br \/>\n<strong>N\u00f8rre All\u00e9 86<\/strong><br \/>\n<strong>8000 \u00c5rhus C<\/strong><\/p>\n<h5><a href=\"mailto:kontaktgallerigallo@gmail.com\">kontaktgallerigallo@gmail.com<\/a>&nbsp;<br \/>\n<a href=\"https:\/\/www.facebook.com\/pages\/Galleri-Gallo\/400784926655171?sk=timeline&amp;ref=page_internal\" target=\"_blank\" rel=\"noopener\">Galleri Gallo p\u00e5 Facebook<br \/>\n<\/a><\/h5>\n<h5><strong>\u00c5bningstider: Tir<\/strong>.-l\u00f8r. fra kl. 14-17<br \/>\n(N\u00e5r der er udstilling)<\/h5>\n<h5>Thomas Stensh\u00f8j:<br \/>\nTlf. 61 40 47 67<\/h5>\n<h5>Telefontid: Tirsdag og fredag<br \/>\nkl. 10-14<\/h5>\n<h5>Busforbindelser:<br \/>\nBus nr. 13<br \/>\n<em>Stop i Gr\u00f8nnegade<br \/>\n<\/em>Bus 2A, 3A &amp; 4A &amp; 11<br \/>\n<em>Stop ved Lollandsgade<\/em><\/h5>\n<\/div>\n<\/div><\/div><\/div><\/div><\/div>","protected":false},"excerpt":{"rendered":"<p>&nbsp; Galleri Gallo er et gr\u00e6srodsgalleri som giver kunstnere der er psykiatribrugere eller har det psykisk sv\u00e6rt, mulighed for at udstille deres kunst. Ogs\u00e5 psykisk raske kan udstille. Vi fors\u00f8ger, at v\u00e6re et anderledes galleri, hvor man som psykisk s\u00e5rbar m\u00f8des som kunstner og ikke som patient. Og hvor man som g\u00e6st i galleriet overraskes af dybde og indhold. Og&#8230; <a href=\"https:\/\/www.gallerigallo.dk\/\">L\u00e6s mere &raquo;<\/a><\/p>\n","protected":false},"author":1,"featured_media":0,"parent":0,"menu_order":0,"comment_status":"closed","ping_status":"closed","template":"page-templates\/full-width.php","meta":{"ngg_post_thumbnail":0,"footnotes":""},"class_list":["post-22","page","type-page","status-publish","hentry"],"_links":{"self":[{"href":"https:\/\/www.gallerigallo.dk\/index.php\/wp-json\/wp\/v2\/pages\/22","targetHints":{"allow":["GET"]}}],"collection":[{"href":"https:\/\/www.gallerigallo.dk\/index.php\/wp-json\/wp\/v2\/pages"}],"about":[{"href":"https:\/\/www.gallerigallo.dk\/index.php\/wp-json\/wp\/v2\/types\/page"}],"author":[{"embeddable":true,"href":"https:\/\/www.gallerigallo.dk\/index.php\/wp-json\/wp\/v2\/users\/1"}],"replies":[{"embeddable":true,"href":"https:\/\/www.gallerigallo.dk\/index.php\/wp-json\/wp\/v2\/comments?post=22"}],"version-history":[{"count":119,"href":"https:\/\/www.gallerigallo.dk\/index.php\/wp-json\/wp\/v2\/pages\/22\/revisions"}],"predecessor-version":[{"id":2910,"href":"https:\/\/www.gallerigallo.dk\/index.php\/wp-json\/wp\/v2\/pages\/22\/revisions\/2910"}],"wp:attachment":[{"href":"https:\/\/www.gallerigallo.dk\/index.php\/wp-json\/wp\/v2\/media?parent=22"}],"curies":[{"name":"wp","href":"https:\/\/api.w.org\/{rel}","templated":true}]}}